{"id":407,"date":"2026-04-22T21:17:13","date_gmt":"2026-04-22T21:17:13","guid":{"rendered":"https:\/\/wtisd.itu.int\/2026\/?page_id=407"},"modified":"2026-04-27T22:05:47","modified_gmt":"2026-04-27T22:05:47","slug":"digital-risks-report","status":"publish","type":"page","link":"https:\/\/wtisd.itu.int\/2026\/digital-risks-report\/","title":{"rendered":"When digital systems fail: The hidden risks of our digital world"},"content":{"rendered":"\n        <section class=\"ituBanner bg hero-main hero-main-container hero-main--img-title\" style=\"height: auto !important;\">\n        <div class=\"hero-main__bg-img lazy\" role=\"img\" data-bg=\"url(https:\/\/wtisd.itu.int\/2026\/wp-content\/uploads\/sites\/3\/2026\/04\/Critical-digital-risks-report-background-scaled.jpg)\" style=\"background-image: url(&quot;https:\/\/wtisd.itu.int\/2026\/wp-content\/uploads\/sites\/3\/2026\/04\/Critical-digital-risks-report-background-scaled.jpg&quot;);\">\n        <\/div>\n        <div class=\"ituContainer grid\" style=\"padding-top: 0;\">\n            <div class=\"content hero-main-content-mobile\" data-span=\"8\">\n                <div class=\"main\">\n                    <h2 class=\"h1 white\" style=\"margin-bottom: 0.5rem !important;\">When digital systems fail: The hidden risks of our digital world<\/h2>\n                <\/div>\n                                    <div class=\"addInfo\">\n                        <p class=\"white\">Flagship report launching 5 May 2026<\/p>\n                    <\/div>\n                            <\/div>\n        <\/div>\n    <\/section>\n\n\n    <section>\n    <div class=\"text-section\">\n        <div class=\"ituContainer grid\">\n                                        <div class=\"text-section-right data-span-override\" data-span=\"4\">\n            <\/div>\n                            <\/div>\n        <\/div>\n    <\/section>\n\n\n    <section>\n    <div class=\"text-section\">\n        <div class=\"ituContainer grid\">\n                                        <div class=\"text-section-left\" data-span=\"8\">\n                        <h3 class=\"h5\">\n        <em>A &#8220;digital pandemic&#8221; may be more likely than it seems. New report explores the fragility of our interconnected world \u2014 and what we can do about it. <\/em>    <\/h3>\n                        <p>\n        <strong>What if mobile phones and the internet stopped working, payments failed, hospitals lost patient data, and emergency alerts never arrived?<\/strong> What may sound like science fiction could become a reality. Modern society runs on critical digital infrastructure, from electricity, finance, and transport to healthcare, communication, and government services. These deeply connected systems are more fragile than they appear, and their risks are largely overlooked.    <\/p>\n                        <h3 class=\"h5\">\n        About the report    <\/h3>\n                        <p>\n        <em>When digital systems fail: The hidden risks of our digital world<\/em> , published by the International Telecommunication Union (ITU), the United Nations Office for Disaster Risk Reduction (UNDRR), and Sciences Po, explores physical risks on Earth, under the sea, and in space. <strong>Drawing on real-world examples and the work of experts from 12 countries, the report maps the fragility of our interconnected digital world and offers a roadmap for collective preparedness.<\/strong><br><br>Aligning with the theme of <a href=\"https:\/\/wtisd.itu.int\/2026\/theme\/\" data-type=\"page\" data-id=\"35\">World Telecommunication and Information Society Day (WTISD) 2026<\/a>, the report is a timely reminder of what is at stake when the <a href=\"https:\/\/wtisd.itu.int\/2026\/digital-lifelines\/\" data-type=\"page\" data-id=\"323\">digital lifelines<\/a> we depend on fail.    <\/p>\n                        <p>\n        <a href=\"https:\/\/wtisd.itu.int\/2026\/digital-risks-report\" class=\"ituBtn\" >\n            <strong>Stay tuned for the launch of the report on 5 May 2026<\/strong>        <\/a>\n    <\/p>\n\n            <\/div>\n                                        <div class=\"text-section-right data-span-override\" data-span=\"4\">\n            <\/div>\n                            <\/div>\n        <\/div>\n    <\/section>\n\n\n    <section>\n    <div class=\"text-section\">\n        <div class=\"ituContainer grid\">\n                                        <div class=\"text-section-left\" data-span=\"8\">\n                        <h3 class=\"h5\">\n        Get to know the experts behind the report    <\/h3>\n                        <p>\n        This report is the product of a structured co-creation process built on the input of an international panel of experts spanning international organizations, national authorities, academic institutions, and the private sector.    <\/p>\n            <\/div>\n                            <\/div>\n        <\/div>\n    <\/section>\n\n\n    <section>\n    <div class=\"text-section\">\n        <div class=\"ituContainer grid\">\n                                        <div class=\"text-section-left\" data-span=\"8\">\n                        <p>\n        <strong>Chair &amp; lead author<\/strong>    <\/p>\n            <\/div>\n                                        <div class=\"text-section-right data-span-override\" data-span=\"4\">\n            <\/div>\n                            <\/div>\n        <\/div>\n    <\/section>\n\n\n    <section>\n        <div class=\"ituContainer grid\">\n                                                <div class=\"ituCard candidate\" data-span=\"4\">\n                    <img decoding=\"async\" src=\"https:\/\/wtisd.itu.int\/2026\/wp-content\/uploads\/sites\/3\/2026\/04\/Critical-digital-risks-report-background-scaled.jpg\" alt=\"Photo of Jan Verlin, candidate\" \/>\n                <div class=\"content\">\n            <div class=\"main\">\n                <p class=\"title\">Jan Verlin<\/p>\n                <div class=\"ituLnkGrp\">\n                                        <span class=\"ituIcnLnk\"><i class=\"fal fa-list-alt\"><\/i> Associate Professor, University Jean Moulin Lyon 3 \/ Sciences Po\u2013CrisisLab \/ \u00c9cole Normale Sup\u00e9rieure, Chair in Geopolitics of Risk<\/span>\n                                   \n                                                                                                                                                                                                                                            <\/div>\n\n            <\/div>\n\n        <\/div>\n    <\/div>\n                    <\/div>\n    <\/section>\n\n\n    <section>\n    <div class=\"text-section\">\n        <div class=\"ituContainer grid\">\n                                        <div class=\"text-section-left\" data-span=\"8\">\n                        <p>\n        <strong>Co-chairs<\/strong>    <\/p>\n            <\/div>\n                                        <div class=\"text-section-right data-span-override\" data-span=\"4\">\n            <\/div>\n                            <\/div>\n        <\/div>\n    <\/section>\n\n\n    <section>\n        <div class=\"ituContainer grid\">\n                                                <div class=\"ituCard candidate\" data-span=\"4\">\n                    <img decoding=\"async\" src=\"https:\/\/wtisd.itu.int\/2026\/wp-content\/uploads\/sites\/3\/2026\/04\/Critical-digital-risks-report-background-scaled.jpg\" alt=\"Photo of Humbulani Mudau, candidate\" \/>\n                <div class=\"content\">\n            <div class=\"main\">\n                <p class=\"title\">Humbulani Mudau<\/p>\n                <div class=\"ituLnkGrp\">\n                                        <span class=\"ituIcnLnk\"><i class=\"fal fa-list-alt\"><\/i>Chief Executive Officer, South African National Space Agency<\/span>\n                                   \n                                                                                                                                                                                                                                            <\/div>\n\n            <\/div>\n\n        <\/div>\n    <\/div>\n                                                <div class=\"ituCard candidate\" data-span=\"4\">\n                    <img decoding=\"async\" src=\"https:\/\/wtisd.itu.int\/2026\/wp-content\/uploads\/sites\/3\/2026\/04\/Critical-digital-risks-report-background-scaled.jpg\" alt=\"Photo of \u00d6yk\u00fc I\u015f\u0131k, candidate\" \/>\n                <div class=\"content\">\n            <div class=\"main\">\n                <p class=\"title\">\u00d6yk\u00fc I\u015f\u0131k<\/p>\n                <div class=\"ituLnkGrp\">\n                                        <span class=\"ituIcnLnk\"><i class=\"fal fa-list-alt\"><\/i>Professor of Digital Strategy &#038; Cybersecurity, IMD Business School<\/span>\n                                   \n                                                                                                                                                                                                                                            <\/div>\n\n            <\/div>\n\n        <\/div>\n    <\/div>\n                    <\/div>\n    <\/section>\n\n\n    <section>\n    <div class=\"text-section\">\n        <div class=\"ituContainer grid\">\n                                        <div class=\"text-section-left\" data-span=\"8\">\n                        <h3 class=\"h5\">\n        Expert group    <\/h3>\n            <\/div>\n                                        <div class=\"text-section-right data-span-override\" data-span=\"4\">\n            <\/div>\n                            <\/div>\n        <\/div>\n    <\/section>\n\n\n    <section>\n        <div class=\"ituContainer grid\">\n                                                <div class=\"ituCard candidate\" data-span=\"4\">\n                    <img decoding=\"async\" src=\"https:\/\/wtisd.itu.int\/2026\/wp-content\/uploads\/sites\/3\/2026\/04\/Critical-digital-risks-report-background-scaled.jpg\" alt=\"Photo of Natalie Black, candidate\" \/>\n                <div class=\"content\">\n            <div class=\"main\">\n                <p class=\"title\">Natalie Black<\/p>\n                <div class=\"ituLnkGrp\">\n                                        <span class=\"ituIcnLnk\"><i class=\"fal fa-list-alt\"><\/i>Group Director, Communications &#038; Networks, Ofcom (United Kingdom)<\/span>\n                                   \n                                                                                                                                                                                                                                            <\/div>\n\n            <\/div>\n\n        <\/div>\n    <\/div>\n                                                <div class=\"ituCard candidate\" data-span=\"4\">\n                    <img decoding=\"async\" src=\"https:\/\/wtisd.itu.int\/2026\/wp-content\/uploads\/sites\/3\/2026\/04\/Critical-digital-risks-report-background-scaled.jpg\" alt=\"Photo of Kimberly Brown, candidate\" \/>\n                <div class=\"content\">\n            <div class=\"main\">\n                <p class=\"title\">Kimberly Brown<\/p>\n                <div class=\"ituLnkGrp\">\n                                        <span class=\"ituIcnLnk\"><i class=\"fal fa-list-alt\"><\/i>Head of Mobile for Humanitarian Innovation, GSMA<\/span>\n                                   \n                                                                                                                                                                                                                                            <\/div>\n\n            <\/div>\n\n        <\/div>\n    <\/div>\n                                                <div class=\"ituCard candidate\" data-span=\"4\">\n                    <img decoding=\"async\" src=\"https:\/\/wtisd.itu.int\/2026\/wp-content\/uploads\/sites\/3\/2026\/04\/Critical-digital-risks-report-background-scaled.jpg\" alt=\"Photo of Jay Mahanand, candidate\" \/>\n                <div class=\"content\">\n            <div class=\"main\">\n                <p class=\"title\">Jay Mahanand<\/p>\n                <div class=\"ituLnkGrp\">\n                                        <span class=\"ituIcnLnk\"><i class=\"fal fa-list-alt\"><\/i>Chief Information Officer, World Food Programme<\/span>\n                                   \n                                                                                                                                                                                                                                            <\/div>\n\n            <\/div>\n\n        <\/div>\n    <\/div>\n                                                <div class=\"ituCard candidate\" data-span=\"4\">\n                    <img decoding=\"async\" src=\"https:\/\/wtisd.itu.int\/2026\/wp-content\/uploads\/sites\/3\/2026\/04\/Critical-digital-risks-report-background-scaled.jpg\" alt=\"Photo of Juha-Pekka Luntama, candidate\" \/>\n                <div class=\"content\">\n            <div class=\"main\">\n                <p class=\"title\">Juha-Pekka Luntama<\/p>\n                <div class=\"ituLnkGrp\">\n                                        <span class=\"ituIcnLnk\"><i class=\"fal fa-list-alt\"><\/i>Head of Space Weather Office, European Space Agency<\/span>\n                                   \n                                                                                                                                                                                                                                            <\/div>\n\n            <\/div>\n\n        <\/div>\n    <\/div>\n                                                <div class=\"ituCard candidate\" data-span=\"4\">\n                    <img decoding=\"async\" src=\"https:\/\/wtisd.itu.int\/2026\/wp-content\/uploads\/sites\/3\/2026\/04\/Critical-digital-risks-report-background-scaled.jpg\" alt=\"Photo of Dean Veverka, candidate\" \/>\n                <div class=\"content\">\n            <div class=\"main\">\n                <p class=\"title\">Dean Veverka<\/p>\n                <div class=\"ituLnkGrp\">\n                                        <span class=\"ituIcnLnk\"><i class=\"fal fa-list-alt\"><\/i>International Cable Protection Committee<\/span>\n                                   \n                                                                                                                                                                                                                                            <\/div>\n\n            <\/div>\n\n        <\/div>\n    <\/div>\n                                                <div class=\"ituCard candidate\" data-span=\"4\">\n                    <img decoding=\"async\" src=\"https:\/\/wtisd.itu.int\/2026\/wp-content\/uploads\/sites\/3\/2026\/04\/Critical-digital-risks-report-background-scaled.jpg\" alt=\"Photo of Dr. Sameer Patil, candidate\" \/>\n                <div class=\"content\">\n            <div class=\"main\">\n                <p class=\"title\">Dr. Sameer Patil<\/p>\n                <div class=\"ituLnkGrp\">\n                                        <span class=\"ituIcnLnk\"><i class=\"fal fa-list-alt\"><\/i>Director, Observer Research Foundation<\/span>\n                                   \n                                                                                                                                                                                                                                            <\/div>\n\n            <\/div>\n\n        <\/div>\n    <\/div>\n                                                <div class=\"ituCard candidate\" data-span=\"4\">\n                    <img decoding=\"async\" src=\"https:\/\/wtisd.itu.int\/2026\/wp-content\/uploads\/sites\/3\/2026\/04\/Critical-digital-risks-report-background-scaled.jpg\" alt=\"Photo of Dr. Bushra Al Blooshi, candidate\" \/>\n                <div class=\"content\">\n            <div class=\"main\">\n                <p class=\"title\">Dr. Bushra Al Blooshi<\/p>\n                <div class=\"ituLnkGrp\">\n                                        <span class=\"ituIcnLnk\"><i class=\"fal fa-list-alt\"><\/i>Chair, Cloud Computing Group, World Bank \/ Dubai Electronic Security Center<\/span>\n                                   \n                                                                                                                                                                                                                                            <\/div>\n\n            <\/div>\n\n        <\/div>\n    <\/div>\n                                                <div class=\"ituCard candidate\" data-span=\"4\">\n                    <img decoding=\"async\" src=\"https:\/\/wtisd.itu.int\/2026\/wp-content\/uploads\/sites\/3\/2026\/04\/Critical-digital-risks-report-background-scaled.jpg\" alt=\"Photo of Zhou Kaibo, candidate\" \/>\n                <div class=\"content\">\n            <div class=\"main\">\n                <p class=\"title\">Zhou Kaibo<\/p>\n                <div class=\"ituLnkGrp\">\n                                        <span class=\"ituIcnLnk\"><i class=\"fal fa-list-alt\"><\/i>Director, China Academy of Information and Communications Technology<\/span>\n                                   \n                                                                                                                                                                                                                                            <\/div>\n\n            <\/div>\n\n        <\/div>\n    <\/div>\n                                                <div class=\"ituCard candidate\" data-span=\"4\">\n                    <img decoding=\"async\" src=\"https:\/\/wtisd.itu.int\/2026\/wp-content\/uploads\/sites\/3\/2026\/04\/Critical-digital-risks-report-background-scaled.jpg\" alt=\"Photo of Rodney Taylor , candidate\" \/>\n                <div class=\"content\">\n            <div class=\"main\">\n                <p class=\"title\">Rodney Taylor <\/p>\n                <div class=\"ituLnkGrp\">\n                                        <span class=\"ituIcnLnk\"><i class=\"fal fa-list-alt\"><\/i>Secretary-General, Caribbean Telecommunication Union<\/span>\n                                   \n                                                                                                                                                                                                                                            <\/div>\n\n            <\/div>\n\n        <\/div>\n    <\/div>\n                                                <div class=\"ituCard candidate\" data-span=\"4\">\n                    <img decoding=\"async\" src=\"https:\/\/wtisd.itu.int\/2026\/wp-content\/uploads\/sites\/3\/2026\/04\/Critical-digital-risks-report-background-scaled.jpg\" alt=\"Photo of Rajib Shaw, candidate\" \/>\n                <div class=\"content\">\n            <div class=\"main\">\n                <p class=\"title\">Rajib Shaw<\/p>\n                <div class=\"ituLnkGrp\">\n                                        <span class=\"ituIcnLnk\"><i class=\"fal fa-list-alt\"><\/i>Professor, Keio University<\/span>\n                                   \n                                                                                                                                                                                                                                            <\/div>\n\n            <\/div>\n\n        <\/div>\n    <\/div>\n                                                <div class=\"ituCard candidate\" data-span=\"4\">\n                    <img decoding=\"async\" src=\"https:\/\/wtisd.itu.int\/2026\/wp-content\/uploads\/sites\/3\/2026\/04\/Critical-digital-risks-report-background-scaled.jpg\" alt=\"Photo of Dr. Beate Degen, candidate\" \/>\n                <div class=\"content\">\n            <div class=\"main\">\n                <p class=\"title\">Dr. Beate Degen<\/p>\n                <div class=\"ituLnkGrp\">\n                                        <span class=\"ituIcnLnk\"><i class=\"fal fa-list-alt\"><\/i>Chair, Institute for Risk Management<\/span>\n                                   \n                                                                                                                                                                                                                                            <\/div>\n\n            <\/div>\n\n        <\/div>\n    <\/div>\n                    <\/div>\n    <\/section>\n","protected":false},"excerpt":{"rendered":"","protected":false},"author":5,"featured_media":429,"parent":0,"menu_order":0,"comment_status":"closed","ping_status":"closed","template":"page-no-heading-template.php","meta":{"footnotes":"","_wp_rev_ctl_limit":""},"class_list":["post-407","page","type-page","status-publish","has-post-thumbnail","hentry"],"_links":{"self":[{"href":"https:\/\/wtisd.itu.int\/2026\/wp-json\/wp\/v2\/pages\/407","targetHints":{"allow":["GET"]}}],"collection":[{"href":"https:\/\/wtisd.itu.int\/2026\/wp-json\/wp\/v2\/pages"}],"about":[{"href":"https:\/\/wtisd.itu.int\/2026\/wp-json\/wp\/v2\/types\/page"}],"author":[{"embeddable":true,"href":"https:\/\/wtisd.itu.int\/2026\/wp-json\/wp\/v2\/users\/5"}],"replies":[{"embeddable":true,"href":"https:\/\/wtisd.itu.int\/2026\/wp-json\/wp\/v2\/comments?post=407"}],"version-history":[{"count":30,"href":"https:\/\/wtisd.itu.int\/2026\/wp-json\/wp\/v2\/pages\/407\/revisions"}],"predecessor-version":[{"id":444,"href":"https:\/\/wtisd.itu.int\/2026\/wp-json\/wp\/v2\/pages\/407\/revisions\/444"}],"wp:featuredmedia":[{"embeddable":true,"href":"https:\/\/wtisd.itu.int\/2026\/wp-json\/wp\/v2\/media\/429"}],"wp:attachment":[{"href":"https:\/\/wtisd.itu.int\/2026\/wp-json\/wp\/v2\/media?parent=407"}],"curies":[{"name":"wp","href":"https:\/\/api.w.org\/{rel}","templated":true}]}}